{"id":666,"date":"2026-01-30T04:22:53","date_gmt":"2026-01-30T04:22:53","guid":{"rendered":"https:\/\/korn-und-co.de\/?page_id=666"},"modified":"2026-02-19T14:22:29","modified_gmt":"2026-02-19T13:22:29","slug":"imprint","status":"publish","type":"page","link":"https:\/\/korn-und-co.de\/index.php\/imprint\/","title":{"rendered":"Imprint"},"content":{"rendered":"\t\t<div data-elementor-type=\"wp-page\" data-elementor-id=\"666\" class=\"elementor elementor-666\" data-elementor-post-type=\"page\">\n\t\t\t\t<div class=\"elementor-element elementor-element-200dc20 e-flex e-con-boxed e-con e-parent\" data-id=\"200dc20\" data-element_type=\"container\" data-e-type=\"container\" data-settings=\"{&quot;background_background&quot;:&quot;classic&quot;}\">\n\t\t\t\t\t<div class=\"e-con-inner\">\n\t\t\t\t<div class=\"elementor-element elementor-element-6cd0856 elementor-widget elementor-widget-text-editor\" data-id=\"6cd0856\" data-element_type=\"widget\" data-e-type=\"widget\" data-widget_type=\"text-editor.default\">\n\t\t\t\t\t\t\t\t\t<div class=\"relative basis-auto flex-col -mb-(--composer-overlap-px) [--composer-overlap-px:28px] grow flex\"><p>\u00a0<\/p><div class=\"flex flex-col text-sm pb-25\"><article class=\"text-token-text-primary w-full focus:outline-none [--shadow-height:45px] has-data-writing-block:pointer-events-none has-data-writing-block:-mt-(--shadow-height) has-data-writing-block:pt-(--shadow-height) [&amp;:has([data-writing-block])&gt;*]:pointer-events-auto [content-visibility:auto] supports-[content-visibility:auto]:[contain-intrinsic-size:auto_100lvh] scroll-mt-[calc(var(--header-height)+min(200px,max(70px,20svh)))]\" dir=\"auto\" tabindex=\"-1\" data-turn-id=\"3f34782e-0c7f-4825-8c0e-d8ca12081559\" data-testid=\"conversation-turn-2\" data-scroll-anchor=\"true\" data-turn=\"assistant\"><div class=\"text-base my-auto mx-auto pb-10 [--thread-content-margin:--spacing(4)] @w-sm\/main:[--thread-content-margin:--spacing(6)] @w-lg\/main:[--thread-content-margin:--spacing(16)] px-(--thread-content-margin)\"><div class=\"[--thread-content-max-width:40rem] @w-lg\/main:[--thread-content-max-width:48rem] mx-auto max-w-(--thread-content-max-width) flex-1 group\/turn-messages focus-visible:outline-hidden relative flex w-full min-w-0 flex-col agent-turn\" tabindex=\"-1\"><div class=\"flex max-w-full flex-col grow\"><div class=\"min-h-8 text-message relative flex w-full flex-col items-end gap-2 text-start break-words whitespace-normal [.text-message+&amp;]:mt-1\" dir=\"auto\" data-message-author-role=\"assistant\" data-message-id=\"281b255a-d2fc-4c1d-b7ad-e32cf2780319\" data-message-model-slug=\"gpt-5-2\"><div class=\"flex w-full flex-col gap-1 empty:hidden first:pt-[1px]\"><div class=\"markdown prose dark:prose-invert w-full wrap-break-word light markdown-new-styling\"><h5 data-start=\"0\" data-end=\"35\"><strong data-start=\"0\" data-end=\"35\">Impressum \/ Rechtliche Hinweise<\/strong><\/h5><p data-start=\"37\" data-end=\"71\"><strong data-start=\"37\" data-end=\"51\">Korn &amp; Co.<\/strong><br data-start=\"51\" data-end=\"54\" \/>Live- &amp; Partyband<\/p><h5 data-start=\"73\" data-end=\"148\"><strong data-start=\"73\" data-end=\"121\">Verantwortlich f\u00fcr den Inhalt gem\u00e4\u00df \u00a7 5 TMG:<\/strong><\/h5><h5>Korn&amp;Co. GbR <br \/>Bl\u00fctenstr. 1 59597 Erwitte<\/h5><h5>Vertreten durch:<br \/>Bernd Levenig<br \/>Peter Levenig<br \/>Tobias Levenig<\/h5><h5 data-start=\"150\" data-end=\"174\"><strong data-start=\"150\" data-end=\"174\">Kontaktinformationen<\/strong><\/h5><p data-start=\"176\" data-end=\"224\"><strong data-start=\"176\" data-end=\"188\">Telefon: <\/strong>02943 \u2013 5128971<br data-start=\"206\" data-end=\"209\" \/><strong data-start=\"176\" data-end=\"188\">Fax :<\/strong>02943 \u2013 5128878<\/p><p data-start=\"226\" data-end=\"259\"><strong data-start=\"226\" data-end=\"237\">E-Mail:<\/strong><br data-start=\"237\" data-end=\"240\" \/><a class=\"decorated-link cursor-pointer\" rel=\"noopener\" data-start=\"240\" data-end=\"259\">info@korn-und-co.de<\/a><\/p><h5 data-start=\"266\" data-end=\"314\"><strong data-start=\"270\" data-end=\"314\">Haftungsausschluss \u2013 Haftung f\u00fcr Inhalte<\/strong><\/h5><p data-start=\"316\" data-end=\"783\">Die Inhalte unserer Seiten wurden mit gr\u00f6\u00dfter Sorgfalt erstellt. F\u00fcr die Richtigkeit, Vollst\u00e4ndigkeit und Aktualit\u00e4t der Inhalte k\u00f6nnen wir jedoch keine Gew\u00e4hr \u00fcbernehmen. Als Diensteanbieter sind wir gem\u00e4\u00df den allgemeinen Gesetzen f\u00fcr eigene Inhalte auf diesen Seiten verantwortlich. Wir sind jedoch nicht verpflichtet, \u00fcbermittelte oder gespeicherte fremde Informationen zu \u00fcberwachen oder nach Umst\u00e4nden zu forschen, die auf eine rechtswidrige T\u00e4tigkeit hinweisen.<\/p><h5 data-start=\"790\" data-end=\"836\"><strong data-start=\"794\" data-end=\"836\">Haftungsausschluss \u2013 Haftung f\u00fcr Links<\/strong><\/h5><p data-start=\"838\" data-end=\"1127\">Unsere Website enth\u00e4lt Links zu externen Websites Dritter, auf deren Inhalte wir keinen Einfluss haben. Daher k\u00f6nnen wir f\u00fcr diese fremden Inhalte auch keine Gew\u00e4hr \u00fcbernehmen. F\u00fcr die Inhalte der verlinkten Seiten ist stets der jeweilige Anbieter oder Betreiber der Seiten verantwortlich.<\/p><h5 data-start=\"1134\" data-end=\"1154\"><strong data-start=\"1138\" data-end=\"1154\">Urheberrecht<\/strong><\/h5><p data-start=\"1156\" data-end=\"1476\">Die durch den Websitebetreiber erstellten Inhalte und Werke auf diesen Seiten unterliegen dem deutschen Urheberrecht. Die Vervielf\u00e4ltigung, Bearbeitung, Verbreitung und jede Art der Verwertung au\u00dferhalb der Grenzen des Urheberrechts bed\u00fcrfen der vorherigen schriftlichen Zustimmung des jeweiligen Autors bzw. Erstellers.<\/p><h5 data-start=\"1483\" data-end=\"1511\"><strong data-start=\"1487\" data-end=\"1511\">Bild- &amp; Medienrechte<\/strong><\/h5><p data-start=\"1513\" data-end=\"1751\" data-is-last-node=\"\" data-is-only-node=\"\">Alle auf dieser Website verwendeten Bilder, Videos, Audioaufnahmen und Medieninhalte sind Eigentum von Korn &amp; Co. oder werden mit entsprechender Genehmigung verwendet. Eine unautorisierte Nutzung oder Vervielf\u00e4ltigung ist nicht gestattet.<\/p><\/div><h5>Verbraucherstreitbeilegung\/Universalschlichtungsstelle:<\/h5><p>Wir sind nicht bereit oder verpflichtet, an Streitbeilegungsverfahren vor einer Verbraucherschlichtungsstelle teilzunehmen.<\/p><p>Quelle: e-recht24.de<\/p><\/div><\/div><\/div><\/div><\/div><\/article><\/div><\/div>\t\t\t\t\t\t\t\t<\/div>\n\t\t\t\t\t<\/div>\n\t\t\t\t<\/div>\n\t\t\t\t<\/div>\n\t\t","protected":false},"excerpt":{"rendered":"<p>\u00a0 Impressum \/ Rechtliche Hinweise Korn &amp; Co.Live- &amp; Partyband Verantwortlich f\u00fcr den Inhalt gem\u00e4\u00df \u00a7 5 TMG: Korn&amp;Co. GbR Bl\u00fctenstr. 1 59597 Erwitte Vertreten durch:Bernd LevenigPeter LevenigTobias Levenig Kontaktinformationen Telefon: 02943 \u2013 5128971Fax :02943 \u2013 5128878 E-Mail:info@korn-und-co.de Haftungsausschluss \u2013 Haftung f\u00fcr Inhalte Die Inhalte unserer Seiten wurden mit gr\u00f6\u00dfter Sorgfalt erstellt. F\u00fcr die Richtigkeit, [&hellip;]<\/p>\n","protected":false},"author":1,"featured_media":0,"parent":0,"menu_order":0,"comment_status":"closed","ping_status":"closed","template":"elementor_header_footer","meta":{"footnotes":""},"class_list":["post-666","page","type-page","status-publish","hentry"],"yoast_head":"<!-- This site is optimized with the Yoast SEO plugin v27.5 - https:\/\/yoast.com\/product\/yoast-seo-wordpress\/ -->\n<title>Imprint - KORN&amp;CO<\/title>\n<meta name=\"robots\" content=\"index, follow, max-snippet:-1, max-image-preview:large, max-video-preview:-1\" \/>\n<link rel=\"canonical\" href=\"https:\/\/korn-und-co.de\/index.php\/imprint\/\" \/>\n<meta property=\"og:locale\" content=\"de_DE\" \/>\n<meta property=\"og:type\" content=\"article\" \/>\n<meta property=\"og:title\" content=\"Imprint - KORN&amp;CO\" \/>\n<meta property=\"og:description\" content=\"\u00a0 Impressum \/ Rechtliche Hinweise Korn &amp; Co.Live- &amp; Partyband Verantwortlich f\u00fcr den Inhalt gem\u00e4\u00df \u00a7 5 TMG: Korn&amp;Co. GbR Bl\u00fctenstr. 1 59597 Erwitte Vertreten durch:Bernd LevenigPeter LevenigTobias Levenig Kontaktinformationen Telefon: 02943 \u2013 5128971Fax :02943 \u2013 5128878 E-Mail:info@korn-und-co.de Haftungsausschluss \u2013 Haftung f\u00fcr Inhalte Die Inhalte unserer Seiten wurden mit gr\u00f6\u00dfter Sorgfalt erstellt. F\u00fcr die Richtigkeit, [&hellip;]\" \/>\n<meta property=\"og:url\" content=\"https:\/\/korn-und-co.de\/index.php\/imprint\/\" \/>\n<meta property=\"og:site_name\" content=\"KORN&amp;CO\" \/>\n<meta property=\"article:publisher\" content=\"https:\/\/www.facebook.com\/kornundco\" \/>\n<meta property=\"article:modified_time\" content=\"2026-02-19T13:22:29+00:00\" \/>\n<meta name=\"twitter:card\" content=\"summary_large_image\" \/>\n<meta name=\"twitter:label1\" content=\"Gesch\u00e4tzte Lesezeit\" \/>\n\t<meta name=\"twitter:data1\" content=\"2\u00a0Minuten\" \/>\n<script type=\"application\/ld+json\" class=\"yoast-schema-graph\">{\"@context\":\"https:\\\/\\\/schema.org\",\"@graph\":[{\"@type\":\"WebPage\",\"@id\":\"https:\\\/\\\/korn-und-co.de\\\/index.php\\\/imprint\\\/\",\"url\":\"https:\\\/\\\/korn-und-co.de\\\/index.php\\\/imprint\\\/\",\"name\":\"Imprint - KORN&amp;CO\",\"isPartOf\":{\"@id\":\"https:\\\/\\\/korn-und-co.de\\\/#website\"},\"datePublished\":\"2026-01-30T04:22:53+00:00\",\"dateModified\":\"2026-02-19T13:22:29+00:00\",\"breadcrumb\":{\"@id\":\"https:\\\/\\\/korn-und-co.de\\\/index.php\\\/imprint\\\/#breadcrumb\"},\"inLanguage\":\"de\",\"potentialAction\":[{\"@type\":\"ReadAction\",\"target\":[\"https:\\\/\\\/korn-und-co.de\\\/index.php\\\/imprint\\\/\"]}]},{\"@type\":\"BreadcrumbList\",\"@id\":\"https:\\\/\\\/korn-und-co.de\\\/index.php\\\/imprint\\\/#breadcrumb\",\"itemListElement\":[{\"@type\":\"ListItem\",\"position\":1,\"name\":\"Start\",\"item\":\"https:\\\/\\\/korn-und-co.de\\\/\"},{\"@type\":\"ListItem\",\"position\":2,\"name\":\"Imprint\"}]},{\"@type\":\"WebSite\",\"@id\":\"https:\\\/\\\/korn-und-co.de\\\/#website\",\"url\":\"https:\\\/\\\/korn-und-co.de\\\/\",\"name\":\"KORN&CO\",\"description\":\"\",\"publisher\":{\"@id\":\"https:\\\/\\\/korn-und-co.de\\\/#organization\"},\"potentialAction\":[{\"@type\":\"SearchAction\",\"target\":{\"@type\":\"EntryPoint\",\"urlTemplate\":\"https:\\\/\\\/korn-und-co.de\\\/?s={search_term_string}\"},\"query-input\":{\"@type\":\"PropertyValueSpecification\",\"valueRequired\":true,\"valueName\":\"search_term_string\"}}],\"inLanguage\":\"de\"},{\"@type\":\"Organization\",\"@id\":\"https:\\\/\\\/korn-und-co.de\\\/#organization\",\"name\":\"KORN&CO\",\"url\":\"https:\\\/\\\/korn-und-co.de\\\/\",\"logo\":{\"@type\":\"ImageObject\",\"inLanguage\":\"de\",\"@id\":\"https:\\\/\\\/korn-und-co.de\\\/#\\\/schema\\\/logo\\\/image\\\/\",\"url\":\"https:\\\/\\\/korn-und-co.de\\\/wp-content\\\/uploads\\\/2026\\\/01\\\/Korn_Co-02.png\",\"contentUrl\":\"https:\\\/\\\/korn-und-co.de\\\/wp-content\\\/uploads\\\/2026\\\/01\\\/Korn_Co-02.png\",\"width\":1650,\"height\":472,\"caption\":\"KORN&CO\"},\"image\":{\"@id\":\"https:\\\/\\\/korn-und-co.de\\\/#\\\/schema\\\/logo\\\/image\\\/\"},\"sameAs\":[\"https:\\\/\\\/www.facebook.com\\\/kornundco\",\"https:\\\/\\\/www.youtube.com\\\/@Korn-und-Co\",\"https:\\\/\\\/www.instagram.com\\\/korn_co_partyband\"]}]}<\/script>\n<!-- \/ Yoast SEO plugin. -->","yoast_head_json":{"title":"Imprint - KORN&amp;CO","robots":{"index":"index","follow":"follow","max-snippet":"max-snippet:-1","max-image-preview":"max-image-preview:large","max-video-preview":"max-video-preview:-1"},"canonical":"https:\/\/korn-und-co.de\/index.php\/imprint\/","og_locale":"de_DE","og_type":"article","og_title":"Imprint - KORN&amp;CO","og_description":"\u00a0 Impressum \/ Rechtliche Hinweise Korn &amp; Co.Live- &amp; Partyband Verantwortlich f\u00fcr den Inhalt gem\u00e4\u00df \u00a7 5 TMG: Korn&amp;Co. GbR Bl\u00fctenstr. 1 59597 Erwitte Vertreten durch:Bernd LevenigPeter LevenigTobias Levenig Kontaktinformationen Telefon: 02943 \u2013 5128971Fax :02943 \u2013 5128878 E-Mail:info@korn-und-co.de Haftungsausschluss \u2013 Haftung f\u00fcr Inhalte Die Inhalte unserer Seiten wurden mit gr\u00f6\u00dfter Sorgfalt erstellt. F\u00fcr die Richtigkeit, [&hellip;]","og_url":"https:\/\/korn-und-co.de\/index.php\/imprint\/","og_site_name":"KORN&amp;CO","article_publisher":"https:\/\/www.facebook.com\/kornundco","article_modified_time":"2026-02-19T13:22:29+00:00","twitter_card":"summary_large_image","twitter_misc":{"Gesch\u00e4tzte Lesezeit":"2\u00a0Minuten"},"schema":{"@context":"https:\/\/schema.org","@graph":[{"@type":"WebPage","@id":"https:\/\/korn-und-co.de\/index.php\/imprint\/","url":"https:\/\/korn-und-co.de\/index.php\/imprint\/","name":"Imprint - KORN&amp;CO","isPartOf":{"@id":"https:\/\/korn-und-co.de\/#website"},"datePublished":"2026-01-30T04:22:53+00:00","dateModified":"2026-02-19T13:22:29+00:00","breadcrumb":{"@id":"https:\/\/korn-und-co.de\/index.php\/imprint\/#breadcrumb"},"inLanguage":"de","potentialAction":[{"@type":"ReadAction","target":["https:\/\/korn-und-co.de\/index.php\/imprint\/"]}]},{"@type":"BreadcrumbList","@id":"https:\/\/korn-und-co.de\/index.php\/imprint\/#breadcrumb","itemListElement":[{"@type":"ListItem","position":1,"name":"Start","item":"https:\/\/korn-und-co.de\/"},{"@type":"ListItem","position":2,"name":"Imprint"}]},{"@type":"WebSite","@id":"https:\/\/korn-und-co.de\/#website","url":"https:\/\/korn-und-co.de\/","name":"KORN&CO","description":"","publisher":{"@id":"https:\/\/korn-und-co.de\/#organization"},"potentialAction":[{"@type":"SearchAction","target":{"@type":"EntryPoint","urlTemplate":"https:\/\/korn-und-co.de\/?s={search_term_string}"},"query-input":{"@type":"PropertyValueSpecification","valueRequired":true,"valueName":"search_term_string"}}],"inLanguage":"de"},{"@type":"Organization","@id":"https:\/\/korn-und-co.de\/#organization","name":"KORN&CO","url":"https:\/\/korn-und-co.de\/","logo":{"@type":"ImageObject","inLanguage":"de","@id":"https:\/\/korn-und-co.de\/#\/schema\/logo\/image\/","url":"https:\/\/korn-und-co.de\/wp-content\/uploads\/2026\/01\/Korn_Co-02.png","contentUrl":"https:\/\/korn-und-co.de\/wp-content\/uploads\/2026\/01\/Korn_Co-02.png","width":1650,"height":472,"caption":"KORN&CO"},"image":{"@id":"https:\/\/korn-und-co.de\/#\/schema\/logo\/image\/"},"sameAs":["https:\/\/www.facebook.com\/kornundco","https:\/\/www.youtube.com\/@Korn-und-Co","https:\/\/www.instagram.com\/korn_co_partyband"]}]}},"jetpack_sharing_enabled":true,"_links":{"self":[{"href":"https:\/\/korn-und-co.de\/index.php\/wp-json\/wp\/v2\/pages\/666","targetHints":{"allow":["GET"]}}],"collection":[{"href":"https:\/\/korn-und-co.de\/index.php\/wp-json\/wp\/v2\/pages"}],"about":[{"href":"https:\/\/korn-und-co.de\/index.php\/wp-json\/wp\/v2\/types\/page"}],"author":[{"embeddable":true,"href":"https:\/\/korn-und-co.de\/index.php\/wp-json\/wp\/v2\/users\/1"}],"replies":[{"embeddable":true,"href":"https:\/\/korn-und-co.de\/index.php\/wp-json\/wp\/v2\/comments?post=666"}],"version-history":[{"count":28,"href":"https:\/\/korn-und-co.de\/index.php\/wp-json\/wp\/v2\/pages\/666\/revisions"}],"predecessor-version":[{"id":909,"href":"https:\/\/korn-und-co.de\/index.php\/wp-json\/wp\/v2\/pages\/666\/revisions\/909"}],"wp:attachment":[{"href":"https:\/\/korn-und-co.de\/index.php\/wp-json\/wp\/v2\/media?parent=666"}],"curies":[{"name":"wp","href":"https:\/\/api.w.org\/{rel}","templated":true}]}}